{"id":6594,"date":"2022-10-26T13:42:23","date_gmt":"2022-10-26T11:42:23","guid":{"rendered":"http:\/\/wildtravel.ro\/bird\/elanion-blac-elanus-caeruleus\/"},"modified":"2024-12-04T10:59:49","modified_gmt":"2024-12-04T08:59:49","slug":"elanion-blac-elanus-caeruleus","status":"publish","type":"bird","link":"https:\/\/wildtravel.ro\/fr\/bird\/elanion-blac-elanus-caeruleus\/","title":{"rendered":"\u00c9lanion blac (Elanus caeruleus)"},"content":{"rendered":"<p><strong>L&rsquo;<\/strong><strong>\u00c9lanion blac<\/strong> (<em><strong>Elanus caeruleus<\/strong><\/em>), souvent appel\u00e9 <strong>\u00c9lanion blanc<\/strong>, est une esp\u00e8ce de petits rapaces appartenant \u00e0 la famille des Accipitridae.<\/p>\n<p>Le terme de \u00ab\u00a0blac\u00a0\u00bb, choisi par la Commission internationale des noms fran\u00e7ais des oiseaux, pr\u00eate \u00e0 confusion en fran\u00e7ais et il n&rsquo;est pas rare de voir l&rsquo;esp\u00e8ce nomm\u00e9e \u00ab\u00a0\u00c9lanion blanc\u00a0\u00bb.<span id=\"Nomenclature\" class=\"mw-headline\"><\/span><\/p>\n<ul>\n<li>Nom scientifique valide\u00a0: <em>Elanus caeruleus<\/em> (Desfontaines, 1789),<\/li>\n<li>Nom normalis\u00e9 (nom technique) CINFO (1993)\u00a0: \u00c9lanion blac,<\/li>\n<li>Noms vulgaires (vulgarisation scientifique) recommand\u00e9s ou typiques en fran\u00e7ais\u00a0: \u00e9lanion blac, \u00e9lanion blanc, milan \u00e0 \u00e9paulettes noires.<\/li>\n<li>Autres noms vulgaires ou noms vernaculaires (langage courant) pouvant d\u00e9signer \u00e9ventuellement d&rsquo;autres esp\u00e8ces\u00a0: Couhier blac (d\u00e9suet), Le blac<\/li>\n<\/ul>\n<p><img fetchpriority=\"high\" decoding=\"async\" class=\"wp-image-6584 alignright\" src=\"https:\/\/wildtravel.ro\/wp-content\/uploads\/2022\/10\/x2.JPG\" alt=\"\" width=\"449\" height=\"270\" \/><\/p>\n<p><em><strong>Elanus<\/strong><\/em> vient du grec tardif <em>\u00e9lanos<\/em> (milan). <em>Caeruleus<\/em> signifie \u00ab\u00a0bleu\u00a0\u00bb en latin, et se rapporte \u00e0 la couleur du dessous de ses ailes. L&rsquo;espagnol d&rsquo;ailleurs a retenu cette caract\u00e9ristique dans sa d\u00e9nomination et nomme l&rsquo;\u00e9lanion <em>Elanio azul<\/em> (\u00c9lanion bleu).<\/p>\n<p>Le terme fran\u00e7ais de <em>blac<\/em> a \u00e9t\u00e9 cr\u00e9\u00e9 en 1787 par Fran\u00e7ois Levaillant. Ce dernier n&rsquo;a pas fourni d&rsquo;explication sur ce choix. Trois hypoth\u00e8ses sont avanc\u00e9es\u00a0:<\/p>\n<ul>\n<li><em>blac<\/em> pourrait venir de l&rsquo;arabe <em>ablaq<\/em>, qui signifie \u00ab\u00a0bigarr\u00e9 de noir et blanc\u00a0\u00bb. L&rsquo;\u00c9lanion en vol, vu de dessous, peut correspondre \u00e0 ce qualificatif\u00a0;<\/li>\n<li>il pourrait s&rsquo;agir d&rsquo;une erreur de retranscription du mot <em>blanc<\/em>\u00a0;<\/li>\n<li>une mauvaise traduction de l&rsquo;anglais <em>black<\/em> a \u00e9galement \u00e9t\u00e9 \u00e9voqu\u00e9e, l&rsquo;oiseau \u00e9tant appel\u00e9 <em>Black-winged kite<\/em> (c&rsquo;est-\u00e0-dire milan \u00e0 ailes noires) par les anglophones. \u00c0 l&rsquo;\u00e9poque de Levaillant, toutefois, l&rsquo;anglais n&rsquo;avait pas la pr\u00e9dominance qu&rsquo;il a aujourd&rsquo;hui. C&rsquo;est l&rsquo;ornithologue Paul G\u00e9roudet qui va le premier employer le terme d&rsquo;\u00c9lanion blanc.<\/li>\n<\/ul>\n<p>Cet oiseau mesure de 30 \u00e0 35 cm de long pour une envergure de pr\u00e8s de 78 cm et il p\u00e8se de 242 \u00e0 276 g. Il pr\u00e9sente une grosse t\u00eate pour sa taille, des ailes longues et une queue fourchue assez courte. Ses parties sup\u00e9rieures sont gris bleu p\u00e2le, les inf\u00e9rieures sont blanches. Ses yeux sont rouges.<\/p>\n<p>Cette esp\u00e8ce ne pr\u00e9sente pas de dimorphisme sexuel<img decoding=\"async\" class=\"wp-image-13615 alignleft\" src=\"https:\/\/wildtravel.ro\/wp-content\/uploads\/2022\/10\/black-winged-eagle-300x191.jpg\" alt=\"\" width=\"495\" height=\"315\" srcset=\"https:\/\/wildtravel.ro\/wp-content\/uploads\/2022\/10\/black-winged-eagle-300x191.jpg 300w, https:\/\/wildtravel.ro\/wp-content\/uploads\/2022\/10\/black-winged-eagle-1024x652.jpg 1024w, https:\/\/wildtravel.ro\/wp-content\/uploads\/2022\/10\/black-winged-eagle-768x489.jpg 768w, https:\/\/wildtravel.ro\/wp-content\/uploads\/2022\/10\/black-winged-eagle.jpg 1457w\" sizes=\"(max-width: 495px) 100vw, 495px\" \/><span id=\"R\u00e9partition_et_sous-esp\u00e8ces\" class=\"mw-headline\"><\/span><\/p>\n<p>L&rsquo;\u00e9lanion blac vit essentiellement en Afrique subsaharienne et en Asie tropicale.<\/p>\n<p>Jusqu&rsquo;\u00e0 une \u00e9poque r\u00e9cente, en France, cet oiseau ne pouvait \u00eatre observ\u00e9 que dans le Sud des Pyr\u00e9n\u00e9es. Depuis une vingtaine d&rsquo;ann\u00e9es, il s&rsquo;est \u00e9tabli au Pays Basque et il a progressivement conquis de nouveaux territoires dans le Sud-Ouest de la France. Depuis deux ans, des ornithologues professionnels et amateurs ont reconnu des sites de reproduction dans le Nord-Ouest du Gers, dans des lieux encore inconnus du grand public, pour prot\u00e9ger l&rsquo;esp\u00e8ce. En 2012, un couple accompagn\u00e9 de trois juv\u00e9niles a \u00e9t\u00e9 observ\u00e9 en Mayenne. En octobre 2020 un couple et deux juv\u00e9niles sont observ\u00e9s en Maine-et-Loire.<\/p>\n<div class=\"center\">\n<div class=\"thumb tnone\">\n<div class=\"thumbinner\" style=\"width: 222px;\"><img decoding=\"async\" class=\"thumbimage\" src=\"https:\/\/upload.wikimedia.org\/wikipedia\/commons\/thumb\/e\/e1\/ElanusCaeruleusIUCNver2019-3.png\/220px-ElanusCaeruleusIUCNver2019-3.png\" alt=\"\" width=\"220\" height=\"156\" data-file-width=\"3507\" data-file-height=\"2480\" \/><\/p>\n<div class=\"thumbcaption\"><\/div>\n<\/div>\n<\/div>\n<\/div>\n<div class=\"center\">\n<div class=\"thumb tnone\">\n<div class=\"thumbinner\" style=\"width: 222px;\">\n<div class=\"thumbcaption\">Aire de r\u00e9partition de l&rsquo;\u00e9lanion blanc<\/div>\n<\/div>\n<\/div>\n<\/div>\n<p>D&rsquo;apr\u00e8s Alan P. Peterson, cette esp\u00e8ce est constitu\u00e9e des trois sous-esp\u00e8ces suivantes\u00a0:<\/p>\n<ul>\n<li><em>E. c. caeruleus<\/em> (Desfontaines, 1789)\u00a0: sud-ouest de la p\u00e9ninsule Ib\u00e9rique, Afrique et sud-ouest de la p\u00e9ninsule Arabique\u00a0;<\/li>\n<li><em>E. c. vociferus<\/em> (Latham, 1790)\u00a0: du Pakistan\u00a0\u00e0 l&rsquo;est de la Chine, p\u00e9ninsule Malaise et Indochine\u00a0;<\/li>\n<li><em>E. c. hypoleucus<\/em> Gould, 1859\u00a0: Insulinde et Nouvelle Guin\u00e9e.<\/li>\n<\/ul>\n<p>Cette esp\u00e8ce se nourrit de rongeurs, de petits reptiles, de gros insectes et de quelques oiseaux. Comme le Faucon cr\u00e9cerelle, il est capable pour chasser de faire du sur place en volant. Il pratique \u00e9galement l&rsquo;aff\u00fbt, tr\u00e8s souvent au cr\u00e9puscule.<\/p>\n<p>L&rsquo;\u00e9lanion blac niche g\u00e9n\u00e9ralement dans un arbuste ou un arbre (pin ou ch\u00eane) \u00e0 faible hauteur. Le petit nid est construit avec des brindilles fines et la femelle y d\u00e9pose 3 \u00e0 5 \u0153ufs. Les oisillons naissent inermes et sans plumes. Au bout de trois semaines, ils ont des plumes et apr\u00e8s le premier mois ils commencent \u00e0 voler.<\/p>\n<p>Les \u00e9lanions blacs refont chaque ann\u00e9e un nouveau nid, souvent dans le m\u00eame arbre.<\/p>\n<p>Cette esp\u00e8ce a \u00e9t\u00e9 d\u00e9crite pour la premi\u00e8re fois en 1789 sous le basionyme de <em>Falco c\u00e6ruleus<\/em> par le naturaliste fran\u00e7ais Ren\u00e9 Desfontaines (1750-1833), puis recombin\u00e9e dans le genre <em>Elanus<\/em> en 1809 par son homologue Ludovic Savatier (1830-1891). Ce genre est assign\u00e9 \u00e0 la famille des Accipitridae.<\/p>\n<p><strong>Foto\u00a0 : Mihai Baciu<\/strong><\/p>\n","protected":false},"excerpt":{"rendered":"<p>L&rsquo;\u00c9lanion blac (Elanus caeruleus), souvent appel\u00e9 \u00c9lanion blanc, est une esp\u00e8ce de petits rapaces appartenant \u00e0 la famille des Accipitridae. Le terme de \u00ab\u00a0blac\u00a0\u00bb, choisi par la Commission internationale des noms fran\u00e7ais des oiseaux, pr\u00eate \u00e0 confusion en fran\u00e7ais et il n&rsquo;est pas rare de voir l&rsquo;esp\u00e8ce nomm\u00e9e \u00ab\u00a0\u00c9lanion blanc\u00a0\u00bb. Nom scientifique valide\u00a0: Elanus caeruleus [&hellip;]<\/p>\n","protected":false},"author":3,"featured_media":41911,"template":"","meta":{"_acf_changed":false},"categories":[],"tags":[],"birdwatching":[],"class_list":["post-6594","bird","type-bird","status-publish","has-post-thumbnail","hentry"],"acf":[],"yoast_head":"<!-- This site is optimized with the Yoast SEO plugin v27.4 - https:\/\/yoast.com\/product\/yoast-seo-wordpress\/ -->\n<title>\u00c9lanion blac (Elanus caeruleus) - Voyage sauvage dans le delta du Danube<\/title>\n<meta name=\"description\" content=\"L&#039;\u00c9lanion blac (Elanus caeruleus), souvent appel\u00e9 \u00c9lanion blanc, est une esp\u00e8ce de petits rapaces appartenant \u00e0 la famille des Accipitridae\" \/>\n<meta name=\"robots\" content=\"index, follow, max-snippet:-1, max-image-preview:large, max-video-preview:-1\" \/>\n<link rel=\"canonical\" href=\"https:\/\/wildtravel.ro\/fr\/bird\/elanion-blac-elanus-caeruleus\/\" \/>\n<meta property=\"og:locale\" content=\"fr_FR\" \/>\n<meta property=\"og:type\" content=\"article\" \/>\n<meta property=\"og:title\" content=\"\u00c9lanion blac (Elanus caeruleus) - Voyage sauvage dans le delta du Danube\" \/>\n<meta property=\"og:description\" content=\"L&#039;\u00c9lanion blac (Elanus caeruleus), souvent appel\u00e9 \u00c9lanion blanc, est une esp\u00e8ce de petits rapaces appartenant \u00e0 la famille des Accipitridae\" \/>\n<meta property=\"og:url\" content=\"https:\/\/wildtravel.ro\/fr\/bird\/elanion-blac-elanus-caeruleus\/\" \/>\n<meta property=\"og:site_name\" content=\"Voyage sauvage dans le delta du Danube\" \/>\n<meta property=\"article:publisher\" content=\"https:\/\/www.facebook.com\/wildtravel.ro\/\" \/>\n<meta property=\"article:modified_time\" content=\"2024-12-04T08:59:49+00:00\" \/>\n<meta property=\"og:image\" content=\"https:\/\/wildtravel.ro\/wp-content\/uploads\/2022\/10\/x2-scaled.jpg\" \/>\n\t<meta property=\"og:image:width\" content=\"2560\" \/>\n\t<meta property=\"og:image:height\" content=\"1489\" \/>\n\t<meta property=\"og:image:type\" content=\"image\/jpeg\" \/>\n<meta name=\"twitter:card\" content=\"summary_large_image\" \/>\n<meta name=\"twitter:label1\" content=\"Dur\u00e9e de lecture estim\u00e9e\" \/>\n\t<meta name=\"twitter:data1\" content=\"4 minutes\" \/>\n<script type=\"application\/ld+json\" class=\"yoast-schema-graph\">{\"@context\":\"https:\\\/\\\/schema.org\",\"@graph\":[{\"@type\":\"WebPage\",\"@id\":\"https:\\\/\\\/wildtravel.ro\\\/fr\\\/bird\\\/elanion-blac-elanus-caeruleus\\\/\",\"url\":\"https:\\\/\\\/wildtravel.ro\\\/fr\\\/bird\\\/elanion-blac-elanus-caeruleus\\\/\",\"name\":\"\u00c9lanion blac (Elanus caeruleus) - Voyage sauvage dans le delta du Danube\",\"isPartOf\":{\"@id\":\"https:\\\/\\\/wildtravel.ro\\\/#website\"},\"primaryImageOfPage\":{\"@id\":\"https:\\\/\\\/wildtravel.ro\\\/fr\\\/bird\\\/elanion-blac-elanus-caeruleus\\\/#primaryimage\"},\"image\":{\"@id\":\"https:\\\/\\\/wildtravel.ro\\\/fr\\\/bird\\\/elanion-blac-elanus-caeruleus\\\/#primaryimage\"},\"thumbnailUrl\":\"https:\\\/\\\/wildtravel.ro\\\/wp-content\\\/uploads\\\/2022\\\/10\\\/x2-scaled.jpg\",\"datePublished\":\"2022-10-26T11:42:23+00:00\",\"dateModified\":\"2024-12-04T08:59:49+00:00\",\"description\":\"L'\u00c9lanion blac (Elanus caeruleus), souvent appel\u00e9 \u00c9lanion blanc, est une esp\u00e8ce de petits rapaces appartenant \u00e0 la famille des Accipitridae\",\"breadcrumb\":{\"@id\":\"https:\\\/\\\/wildtravel.ro\\\/fr\\\/bird\\\/elanion-blac-elanus-caeruleus\\\/#breadcrumb\"},\"inLanguage\":\"fr-FR\",\"potentialAction\":[{\"@type\":\"ReadAction\",\"target\":[\"https:\\\/\\\/wildtravel.ro\\\/fr\\\/bird\\\/elanion-blac-elanus-caeruleus\\\/\"]}]},{\"@type\":\"ImageObject\",\"inLanguage\":\"fr-FR\",\"@id\":\"https:\\\/\\\/wildtravel.ro\\\/fr\\\/bird\\\/elanion-blac-elanus-caeruleus\\\/#primaryimage\",\"url\":\"https:\\\/\\\/wildtravel.ro\\\/wp-content\\\/uploads\\\/2022\\\/10\\\/x2-scaled.jpg\",\"contentUrl\":\"https:\\\/\\\/wildtravel.ro\\\/wp-content\\\/uploads\\\/2022\\\/10\\\/x2-scaled.jpg\",\"width\":2560,\"height\":1489},{\"@type\":\"BreadcrumbList\",\"@id\":\"https:\\\/\\\/wildtravel.ro\\\/fr\\\/bird\\\/elanion-blac-elanus-caeruleus\\\/#breadcrumb\",\"itemListElement\":[{\"@type\":\"ListItem\",\"position\":1,\"name\":\"Home\",\"item\":\"https:\\\/\\\/wildtravel.ro\\\/fr\\\/\"},{\"@type\":\"ListItem\",\"position\":2,\"name\":\"Birds\",\"item\":\"https:\\\/\\\/wildtravel.ro\\\/ro\\\/bird\\\/\"},{\"@type\":\"ListItem\",\"position\":3,\"name\":\"\u00c9lanion blac (Elanus caeruleus)\"}]},{\"@type\":\"WebSite\",\"@id\":\"https:\\\/\\\/wildtravel.ro\\\/#website\",\"url\":\"https:\\\/\\\/wildtravel.ro\\\/\",\"name\":\"Voyage sauvage dans le delta du Danube\",\"description\":\"Wild about wild\",\"publisher\":{\"@id\":\"https:\\\/\\\/wildtravel.ro\\\/#organization\"},\"potentialAction\":[{\"@type\":\"SearchAction\",\"target\":{\"@type\":\"EntryPoint\",\"urlTemplate\":\"https:\\\/\\\/wildtravel.ro\\\/?s={search_term_string}\"},\"query-input\":{\"@type\":\"PropertyValueSpecification\",\"valueRequired\":true,\"valueName\":\"search_term_string\"}}],\"inLanguage\":\"fr-FR\"},{\"@type\":\"Organization\",\"@id\":\"https:\\\/\\\/wildtravel.ro\\\/#organization\",\"name\":\"Wild travel\",\"url\":\"https:\\\/\\\/wildtravel.ro\\\/\",\"logo\":{\"@type\":\"ImageObject\",\"inLanguage\":\"fr-FR\",\"@id\":\"https:\\\/\\\/wildtravel.ro\\\/#\\\/schema\\\/logo\\\/image\\\/\",\"url\":\"http:\\\/\\\/wildtravel.ro\\\/wp-content\\\/uploads\\\/2023\\\/01\\\/logo-125.png\",\"contentUrl\":\"http:\\\/\\\/wildtravel.ro\\\/wp-content\\\/uploads\\\/2023\\\/01\\\/logo-125.png\",\"width\":357,\"height\":125,\"caption\":\"Wild travel\"},\"image\":{\"@id\":\"https:\\\/\\\/wildtravel.ro\\\/#\\\/schema\\\/logo\\\/image\\\/\"},\"sameAs\":[\"https:\\\/\\\/www.facebook.com\\\/wildtravel.ro\\\/\"]}]}<\/script>\n<!-- \/ Yoast SEO plugin. -->","yoast_head_json":{"title":"\u00c9lanion blac (Elanus caeruleus) - Voyage sauvage dans le delta du Danube","description":"L'\u00c9lanion blac (Elanus caeruleus), souvent appel\u00e9 \u00c9lanion blanc, est une esp\u00e8ce de petits rapaces appartenant \u00e0 la famille des Accipitridae","robots":{"index":"index","follow":"follow","max-snippet":"max-snippet:-1","max-image-preview":"max-image-preview:large","max-video-preview":"max-video-preview:-1"},"canonical":"https:\/\/wildtravel.ro\/fr\/bird\/elanion-blac-elanus-caeruleus\/","og_locale":"fr_FR","og_type":"article","og_title":"\u00c9lanion blac (Elanus caeruleus) - Voyage sauvage dans le delta du Danube","og_description":"L'\u00c9lanion blac (Elanus caeruleus), souvent appel\u00e9 \u00c9lanion blanc, est une esp\u00e8ce de petits rapaces appartenant \u00e0 la famille des Accipitridae","og_url":"https:\/\/wildtravel.ro\/fr\/bird\/elanion-blac-elanus-caeruleus\/","og_site_name":"Voyage sauvage dans le delta du Danube","article_publisher":"https:\/\/www.facebook.com\/wildtravel.ro\/","article_modified_time":"2024-12-04T08:59:49+00:00","og_image":[{"width":2560,"height":1489,"url":"https:\/\/wildtravel.ro\/wp-content\/uploads\/2022\/10\/x2-scaled.jpg","type":"image\/jpeg"}],"twitter_card":"summary_large_image","twitter_misc":{"Dur\u00e9e de lecture estim\u00e9e":"4 minutes"},"schema":{"@context":"https:\/\/schema.org","@graph":[{"@type":"WebPage","@id":"https:\/\/wildtravel.ro\/fr\/bird\/elanion-blac-elanus-caeruleus\/","url":"https:\/\/wildtravel.ro\/fr\/bird\/elanion-blac-elanus-caeruleus\/","name":"\u00c9lanion blac (Elanus caeruleus) - Voyage sauvage dans le delta du Danube","isPartOf":{"@id":"https:\/\/wildtravel.ro\/#website"},"primaryImageOfPage":{"@id":"https:\/\/wildtravel.ro\/fr\/bird\/elanion-blac-elanus-caeruleus\/#primaryimage"},"image":{"@id":"https:\/\/wildtravel.ro\/fr\/bird\/elanion-blac-elanus-caeruleus\/#primaryimage"},"thumbnailUrl":"https:\/\/wildtravel.ro\/wp-content\/uploads\/2022\/10\/x2-scaled.jpg","datePublished":"2022-10-26T11:42:23+00:00","dateModified":"2024-12-04T08:59:49+00:00","description":"L'\u00c9lanion blac (Elanus caeruleus), souvent appel\u00e9 \u00c9lanion blanc, est une esp\u00e8ce de petits rapaces appartenant \u00e0 la famille des Accipitridae","breadcrumb":{"@id":"https:\/\/wildtravel.ro\/fr\/bird\/elanion-blac-elanus-caeruleus\/#breadcrumb"},"inLanguage":"fr-FR","potentialAction":[{"@type":"ReadAction","target":["https:\/\/wildtravel.ro\/fr\/bird\/elanion-blac-elanus-caeruleus\/"]}]},{"@type":"ImageObject","inLanguage":"fr-FR","@id":"https:\/\/wildtravel.ro\/fr\/bird\/elanion-blac-elanus-caeruleus\/#primaryimage","url":"https:\/\/wildtravel.ro\/wp-content\/uploads\/2022\/10\/x2-scaled.jpg","contentUrl":"https:\/\/wildtravel.ro\/wp-content\/uploads\/2022\/10\/x2-scaled.jpg","width":2560,"height":1489},{"@type":"BreadcrumbList","@id":"https:\/\/wildtravel.ro\/fr\/bird\/elanion-blac-elanus-caeruleus\/#breadcrumb","itemListElement":[{"@type":"ListItem","position":1,"name":"Home","item":"https:\/\/wildtravel.ro\/fr\/"},{"@type":"ListItem","position":2,"name":"Birds","item":"https:\/\/wildtravel.ro\/ro\/bird\/"},{"@type":"ListItem","position":3,"name":"\u00c9lanion blac (Elanus caeruleus)"}]},{"@type":"WebSite","@id":"https:\/\/wildtravel.ro\/#website","url":"https:\/\/wildtravel.ro\/","name":"Voyage sauvage dans le delta du Danube","description":"Wild about wild","publisher":{"@id":"https:\/\/wildtravel.ro\/#organization"},"potentialAction":[{"@type":"SearchAction","target":{"@type":"EntryPoint","urlTemplate":"https:\/\/wildtravel.ro\/?s={search_term_string}"},"query-input":{"@type":"PropertyValueSpecification","valueRequired":true,"valueName":"search_term_string"}}],"inLanguage":"fr-FR"},{"@type":"Organization","@id":"https:\/\/wildtravel.ro\/#organization","name":"Wild travel","url":"https:\/\/wildtravel.ro\/","logo":{"@type":"ImageObject","inLanguage":"fr-FR","@id":"https:\/\/wildtravel.ro\/#\/schema\/logo\/image\/","url":"http:\/\/wildtravel.ro\/wp-content\/uploads\/2023\/01\/logo-125.png","contentUrl":"http:\/\/wildtravel.ro\/wp-content\/uploads\/2023\/01\/logo-125.png","width":357,"height":125,"caption":"Wild travel"},"image":{"@id":"https:\/\/wildtravel.ro\/#\/schema\/logo\/image\/"},"sameAs":["https:\/\/www.facebook.com\/wildtravel.ro\/"]}]}},"_links":{"self":[{"href":"https:\/\/wildtravel.ro\/fr\/wp-json\/wp\/v2\/bird\/6594","targetHints":{"allow":["GET"]}}],"collection":[{"href":"https:\/\/wildtravel.ro\/fr\/wp-json\/wp\/v2\/bird"}],"about":[{"href":"https:\/\/wildtravel.ro\/fr\/wp-json\/wp\/v2\/types\/bird"}],"author":[{"embeddable":true,"href":"https:\/\/wildtravel.ro\/fr\/wp-json\/wp\/v2\/users\/3"}],"version-history":[{"count":2,"href":"https:\/\/wildtravel.ro\/fr\/wp-json\/wp\/v2\/bird\/6594\/revisions"}],"predecessor-version":[{"id":41917,"href":"https:\/\/wildtravel.ro\/fr\/wp-json\/wp\/v2\/bird\/6594\/revisions\/41917"}],"wp:featuredmedia":[{"embeddable":true,"href":"https:\/\/wildtravel.ro\/fr\/wp-json\/wp\/v2\/media\/41911"}],"wp:attachment":[{"href":"https:\/\/wildtravel.ro\/fr\/wp-json\/wp\/v2\/media?parent=6594"}],"wp:term":[{"taxonomy":"category","embeddable":true,"href":"https:\/\/wildtravel.ro\/fr\/wp-json\/wp\/v2\/categories?post=6594"},{"taxonomy":"post_tag","embeddable":true,"href":"https:\/\/wildtravel.ro\/fr\/wp-json\/wp\/v2\/tags?post=6594"},{"taxonomy":"birdwatching","embeddable":true,"href":"https:\/\/wildtravel.ro\/fr\/wp-json\/wp\/v2\/birdwatching?post=6594"}],"curies":[{"name":"wp","href":"https:\/\/api.w.org\/{rel}","templated":true}]}}